{"id":33944,"date":"2022-02-09T15:14:38","date_gmt":"2022-02-09T15:14:38","guid":{"rendered":"https:\/\/candini.com\/politica-de-privacitat\/"},"modified":"2022-02-09T15:26:37","modified_gmt":"2022-02-09T15:26:37","slug":"politica-de-privacitat","status":"publish","type":"page","link":"https:\/\/www.candini.com\/ca\/politica-de-privacitat\/","title":{"rendered":"Pol\u00edtica de privacitat"},"content":{"rendered":"\n<div class=\"wp-block-cover alignfull is-light\" style=\"min-height:244px;aspect-ratio:unset;\"><span aria-hidden=\"true\" class=\"has-white-background-color has-background-dim-70 wp-block-cover__gradient-background has-background-dim\"><\/span><img loading=\"lazy\" decoding=\"async\" width=\"960\" height=\"641\" class=\"wp-block-cover__image-background wp-image-33947\" alt=\"\" src=\"https:\/\/candini.com\/wp-content\/uploads\/2022\/02\/023-Fusion_Milk_Paint_Powder_Blue_Pine_Privacy_Screen__WR_210413_8370-Edit-960x641-1.jpeg\" data-object-fit=\"cover\" srcset=\"https:\/\/www.candini.com\/wp-content\/uploads\/2022\/02\/023-Fusion_Milk_Paint_Powder_Blue_Pine_Privacy_Screen__WR_210413_8370-Edit-960x641-1.jpeg 960w, https:\/\/www.candini.com\/wp-content\/uploads\/2022\/02\/023-Fusion_Milk_Paint_Powder_Blue_Pine_Privacy_Screen__WR_210413_8370-Edit-960x641-1-300x200.jpeg 300w, https:\/\/www.candini.com\/wp-content\/uploads\/2022\/02\/023-Fusion_Milk_Paint_Powder_Blue_Pine_Privacy_Screen__WR_210413_8370-Edit-960x641-1-768x513.jpeg 768w, https:\/\/www.candini.com\/wp-content\/uploads\/2022\/02\/023-Fusion_Milk_Paint_Powder_Blue_Pine_Privacy_Screen__WR_210413_8370-Edit-960x641-1-750x501.jpeg 750w\" sizes=\"auto, (max-width: 960px) 100vw, 960px\" \/><div class=\"wp-block-cover__inner-container is-layout-flow wp-block-cover-is-layout-flow\">\n<h1 class=\"has-text-align-center has-accent-color has-text-color wp-block-heading\" id=\"politica-de-privacidad\">Pol\u00edtica de privacitat<\/h1>\n<\/div><\/div>\n\n<div class=\"wp-block-group alignwide\"><div class=\"wp-block-group__inner-container is-layout-flow wp-block-group-is-layout-flow\">\n<h4 class=\"wp-block-heading\" id=\"h-informaci-n-general\">Informaci\u00f3 general<\/h4>\n\n\n\n<p>La present Pol\u00edtica de Privacitat t\u00e9 com a finalitat donar a con\u00e8ixer les condicions que regeixen la recollida i tractament de les seves dades personals per part de la nostra entitat per a vetllar pels drets fonamentals, el seu honor i llibertats, tot aix\u00f2 en compliment de les normatives vigents que regulen la Protecci\u00f3 de Dades personals.<\/p>\n\n\n\n<p>De conformitat amb aquestes normatives, necessitem disposar de la seva autoritzaci\u00f3 i consentiment per a la recollida i el tractament de les seves dades personals, per la qual cosa a continuaci\u00f3, li indiquem tots els detalls del seu inter\u00e8s respecte a com realitzem aquests processos, amb quines finalitats, que altres entitats podrien tenir acc\u00e9s a les seves dades i quins s\u00f3n els seus drets.<\/p>\n\n\n\n<h4 class=\"wp-block-heading\" id=\"h-responsable-qui-n-es-el-responsable-del-tratamiento-de-sus-datos\">Responsable. Qui \u00e9s el Responsable del tractament de les seves dades?<\/h4>\n\n\n\n<p>L&#8217;informem que Maria Vict\u00f2ria Pladellorens Camps (d&#8217;ara endavant \u201cCandini\u201d) \u00e9s la titular de la web candini.com, amb DNI 38***01H i domicili al Carrer Calaf, 14, 08021, Barcelona. Pot contactar per correu electr\u00f2nic a info@candini.com.<\/p>\n\n\n\n<h4 class=\"wp-block-heading\" id=\"h-finalidad-con-qu-finalidad-tratamos-sus-datos-personales\">Finalitat. Amb quina finalitat tractem les seves dades personals?<\/h4>\n\n\n\n<p>En \u201cCandini\u201d tractem la informaci\u00f3 que ens facilita per a gestionar les consultes rebudes, per a gestionar les compres o per a gestionar la newsletter informativa. La informaci\u00f3 personal que ens faciliti es mantindr\u00e0 confidencial i protegida. En cap cas es destinar\u00e0 o utilitzar\u00e0 per a altres fins, ni es lliurar\u00e0 a terceres persones sense el seu consentiment, d&#8217;acord amb els principis del RGPD 679\/2016 i la L.O. 3\/2018. Per a complir amb les diferents disposicions legals, hem establert diferents nivells de seguretat per a protegir les dades personals que ens facilitin, havent adoptat totes les mesures t\u00e8cniques al nostre abast per a evitar la p\u00e8rdua, mal \u00fas, alteraci\u00f3, acc\u00e9s no autoritzat i manipulaci\u00f3 d&#8217;aquestes dades personals.<\/p>\n\n\n\n<h4 class=\"wp-block-heading\" id=\"h-legitimaci-n-cu-l-es-la-legitimaci-n-para-el-tratamiento-de-sus-datos\">Legitimaci\u00f3. Quina \u00e9s la legitimaci\u00f3 per al tractament de les seves dades?<\/h4>\n\n\n\n<p>En els formularis de contacte de la web i de subscripci\u00f3 a la newsletter se sol\u00b7licitar\u00e0 el consentiment expl\u00edcit de l&#8217;usuari i haur\u00e0 de llegir i acceptar la Pol\u00edtica de privacitat del lloc web. L&#8217;usuari \u00e9s informat que quan realitza una compra i emplena els formularis de compra o de registre, se sol\u00b7licitar\u00e0 el consentiment expl\u00edcit i haur\u00e0 de llegir i acceptar la Pol\u00edtica de privacitat del lloc web. Si l&#8217;usuari es registra (tant al formulari de compra com en el formulari de subscripci\u00f3 a la newsletter), el sistema per seguretat realitzar\u00e0 un proc\u00e9s de doble opt-in, per a verificar que l&#8217;usuari s&#8217;est\u00e0 registrant volunt\u00e0riament.<\/p>\n\n\n\n<p>A m\u00e9s, l&#8217;usuari \u00e9s informat que l&#8217;enviament d&#8217;un correu electr\u00f2nic en el qual s&#8217;incloguin dades personals implica que la informaci\u00f3 reflectida en aquesta Pol\u00edtica de Privacitat ha estat llegida i acceptada i que en conseq\u00fc\u00e8ncia, atorga el seu consentiment inequ\u00edvoc i expr\u00e9s al tractament de les seves dades personals en les finalitats indicades. La informaci\u00f3 personal que ens faciliti passar\u00e0 a ser introdu\u00efda en un tractament sota la responsabilitat de \u201cCandini\u201d, i es mantindr\u00e0 confidencial i protegida.<\/p>\n\n\n\n<h4 class=\"wp-block-heading\" id=\"h-conservaci-n-por-cu-nto-tiempo-conservaremos-sus-datos\">Conservaci\u00f3. Per quant temps conservarem les seves dades?<\/h4>\n\n\n\n<p>Utilitzem les seves dades durant el temps estrictament necessari per a complir les finalitats indicades anteriorment. Tret que existeixi una obligaci\u00f3 o requeriment legal, els terminis de conservaci\u00f3 prevists s\u00f3n: durant un termini d&#8217;1 any a partir de l&#8217;\u00faltima consulta. Les dades de car\u00e0cter personal es conservaran en compliment dels terminis legals de prescripci\u00f3 que resultin d&#8217;aplicaci\u00f3.<strong><\/strong><\/p>\n\n\n\n<h4 class=\"wp-block-heading\" id=\"h-procedencia-c-mo-hemos-obtenido-sus-datos\">Proced\u00e8ncia. Com hem obtingut les seves dades?<\/h4>\n\n\n\n<p>Formulari de la p\u00e0gina web: el propi interessat o el seu representant legal. Dades identificatives: Nom i correu electr\u00f2nic.<\/p>\n\n\n\n<p>Formulari de registre o compra: el propi interessat o el seu representant legal. Dades identificatives: Nom i cognoms, correu electr\u00f2nic, tel\u00e8fon, pa\u00eds i adre\u00e7a.<\/p>\n\n\n\n<p>Formulari de subscripci\u00f3 a la newsletter: el propi interessat o el seu representant legal. Dades identificatives: Nom i correu electr\u00f2nic.<\/p>\n\n\n\n<p>Correu electr\u00f2nic: el propi interessat o el seu representant legal.<\/p>\n\n\n\n<p>Visitar la web de \u201cCandini\u201d no suposa que l&#8217;usuari estigui obligat a facilitar cap informaci\u00f3 sobre si mateix.<\/p>\n\n\n\n<p>&#8220;Candini\u201d prohibeix expressament que els menors de divuit anys facilitin dades ni utilitzin els seus serveis.<\/p>\n\n\n\n<h4 class=\"wp-block-heading\" id=\"h-medidas-de-seguridad\">Mesures de seguretat<\/h4>\n\n\n\n<p>La nostra entitat adopta les mesures organitzatives i t\u00e8cniques necess\u00e0ries per a garantir la seguretat i la privacitat de les seves dades, evitar la seva alteraci\u00f3, p\u00e8rdua, tractament o acc\u00e9s no autoritzat, depenent de l&#8217;estat de la tecnologia, la naturalesa de les dades emmagatzemades i els riscos al fet que estan exposats. <\/p>\n\n\n\n<p>Entre altres, destaquen les seg\u00fcents mesures: <\/p>\n\n\n\n<p>\u00b7 Garantir la confidencialitat, integritat, disponibilitat i resili\u00e8ncia permanents dels sistemes i serveis de tractament.<\/p>\n\n\n\n<p>\u00b7 Restaurar la disponibilitat i l&#8217;acc\u00e9s a les dades personals de manera r\u00e0pida, en cas d&#8217;incident f\u00edsic o t\u00e8cnic.<\/p>\n\n\n\n<p>\u00b7 Verificar, avaluar i valorar, de manera regular, l&#8217;efic\u00e0cia de les mesures t\u00e8cniques i organitzatives implementades per a garantir la seguretat del tractament.<\/p>\n\n\n\n<p>\u00b7 Seudonimizar i xifrar les dades personals, en cas que es tracti de dades sensibles.<\/p>\n\n\n\n<h4 class=\"wp-block-heading\" id=\"h-destinatarios-a-qu-destinatarios-se-comunicar-n-sus-datos\">Destinataris. A quins destinataris es comunicaran les seves dades?<\/h4>\n\n\n\n<p>Per a poder prestar aquest servei \u201cCandini\u201d subcontracta el servei de hosting, amb seu en territori UE, per la qual cosa quan vost\u00e8 realitzi una compra les dades quedaran emmagatzemats en els servidors de Hostinger International Ltd.<\/p>\n\n\n\n<h4 class=\"wp-block-heading\" id=\"h-derechos-cu-les-son-sus-derechos-cuando-nos-facilita-sus-datos\">Drets. Quins s\u00f3n els seus drets quan ens facilita les seves dades?<\/h4>\n\n\n\n<p>La normativa vigent de protecci\u00f3 de dades li empara en una s\u00e8rie de drets en relaci\u00f3 amb l&#8217;\u00fas que li donem a les seves dades personals. Tots i cadascun dels seus drets s\u00f3n unipersonals i intransferibles, \u00e9s a dir, que \u00fanicament poden ser realitzats pel titular de les dades, pr\u00e8via comprovaci\u00f3 de la seva identitat. <\/p>\n\n\n\n<p>A continuaci\u00f3, li indiquem quals s\u00f3n els drets que li assisteixen: <\/p>\n\n\n\n<p>\u00b7 Sol\u00b7licitar l&#8217;ACC\u00c9S a les seves dades personals<\/p>\n\n\n\n<p>\u00b7 Sol\u00b7licitar la RECTIFICACI\u00d3 de les seves dades<\/p>\n\n\n\n<p>\u00b7 Sol\u00b7licitar la SUPRESSI\u00d3 o eliminaci\u00f3 de les seves dades (dret al \u00aboblit\u00bb)<\/p>\n\n\n\n<p>\u00b7 LIMITAR o OPOSAR-SE a l&#8217;\u00fas que li donem a les seves dades<\/p>\n\n\n\n<p>\u00b7 Dret a la PORTABILITAT de les seves dades per a casos de serveis de telecomunicacions o internet.<\/p>\n\n\n\n<p>\u00b7 Dret a RETIRAR el seu consentiment en qualsevol moment<\/p>\n\n\n\n<p>\u00b7 Dret a presentar una RECLAMACI\u00d3 en mat\u00e8ria de protecci\u00f3 de dades davant l&#8217;Autoritat de Control: Ag\u00e8ncia Espanyola de Protecci\u00f3 de Dades<\/p>\n\n\n\n<p>Per a l&#8217;exercici dels seus drets d&#8217;acc\u00e9s, rectificaci\u00f3, supressi\u00f3, limitaci\u00f3 o oposici\u00f3, portabilitat i retirada del seu consentiment, pot fer-ho de la seg\u00fcent forma:<\/p>\n\n\n\n<p>Presencialment o per correu electr\u00f2nic en:<\/p>\n\n\n\n<p>CANDINI<\/p>\n\n\n\n<p>Carrer Calaf, 14, 08021, Barcelona<\/p>\n\n\n\n<p>info@candini.com<\/p>\n\n\n\n<p>A m\u00e9s dels drets que li assisteixen, si creu que les seves dades no s&#8217;estan recaptant o tractant conforme a la normativa vigent de Protecci\u00f3 de Dades, vost\u00e8 podr\u00e0 realitzar una reclamaci\u00f3 davant l&#8217;Autoritat de Control, les dades de contacte del qual indiquem a continuaci\u00f3: <\/p>\n\n\n\n<p>Ag\u00e8ncia Espanyola de Protecci\u00f3 de Dades<\/p>\n\n\n\n<p>C\/ Jorge Juan, 6. 28001, Madrid.<\/p>\n\n\n\n<p>Email: info@agpd.es<\/p>\n\n\n\n<p>Tel\u00e8fon: 912663517<\/p>\n\n\n\n<p>Web: https:\/\/www.agpd.es<\/p>\n\n\n\n<h4 class=\"wp-block-heading\" id=\"h-consentimiento-y-aceptaci-n\">Consentimient i acceptaci\u00f3<\/h4>\n\n\n\n<p>L&#8217;acceptaci\u00f3 del present document indica que vost\u00e8 ent\u00e9n i accepta totes les cl\u00e0usules de la nostra pol\u00edtica de privacitat pel que autoritza la recollida i el tractament de les seves dades personals en aquests termes. L&#8217;usuari que faciliti dades personals trav\u00e9s del correu electr\u00f2nic de \u201cCandini\u201d, est\u00e0 proporcionant volunt\u00e0riament dades de car\u00e0cter personal. En els formularis de contacte aquesta acceptaci\u00f3 es realitza mitjan\u00e7ant l&#8217;activaci\u00f3 de la casella de verificaci\u00f3 de la nostra Pol\u00edtica de Privacitat.<\/p>\n<\/div><\/div>\n\n<div style=\"height:100px\" aria-hidden=\"true\" class=\"wp-block-spacer\"><\/div>\n","protected":false},"excerpt":{"rendered":"<p>Informaci\u00f3 general La present Pol\u00edtica de Privacitat t\u00e9 com a finalitat donar a con\u00e8ixer les condicions que regeixen la recollida i tractament de les seves dades personals per part de la nostra entitat per a vetllar pels drets fonamentals, el seu honor i llibertats, tot aix\u00f2 en compliment de les normatives vigents que regulen la [&hellip;]<\/p>\n","protected":false},"author":1,"featured_media":0,"parent":0,"menu_order":0,"comment_status":"closed","ping_status":"closed","template":"","meta":{"_genesis_hide_title":true,"_genesis_hide_breadcrumbs":false,"_genesis_hide_singular_image":false,"_genesis_hide_footer_widgets":false,"_genesis_custom_body_class":"","_genesis_custom_post_class":"","_genesis_layout":"","footnotes":""},"class_list":{"0":"post-33944","1":"page","2":"type-page","3":"status-publish","5":"entry","6":"has-post-thumbnail"},"yoast_head":"<!-- This site is optimized with the Yoast SEO plugin v25.9 - https:\/\/yoast.com\/wordpress\/plugins\/seo\/ -->\n<title>Pol\u00edtica de privacitat - Candini<\/title>\n<meta name=\"robots\" content=\"index, follow, max-snippet:-1, max-image-preview:large, max-video-preview:-1\" \/>\n<link rel=\"canonical\" href=\"https:\/\/www.candini.com\/politica-privacidad\/\" \/>\n<meta property=\"og:locale\" content=\"ca_ES\" \/>\n<meta property=\"og:type\" content=\"article\" \/>\n<meta property=\"og:title\" content=\"Pol\u00edtica de privacitat - Candini\" \/>\n<meta property=\"og:description\" content=\"Informaci\u00f3 general La present Pol\u00edtica de Privacitat t\u00e9 com a finalitat donar a con\u00e8ixer les condicions que regeixen la recollida i tractament de les seves dades personals per part de la nostra entitat per a vetllar pels drets fonamentals, el seu honor i llibertats, tot aix\u00f2 en compliment de les normatives vigents que regulen la [&hellip;]\" \/>\n<meta property=\"og:url\" content=\"https:\/\/www.candini.com\/politica-privacidad\/\" \/>\n<meta property=\"og:site_name\" content=\"Candini\" \/>\n<meta property=\"article:modified_time\" content=\"2022-02-09T15:26:37+00:00\" \/>\n<meta property=\"og:image\" content=\"https:\/\/candini.com\/wp-content\/uploads\/2022\/02\/023-Fusion_Milk_Paint_Powder_Blue_Pine_Privacy_Screen__WR_210413_8370-Edit-960x641-1.jpeg\" \/>\n<meta name=\"twitter:card\" content=\"summary_large_image\" \/>\n<meta name=\"twitter:label1\" content=\"Temps estimat de lectura\" \/>\n\t<meta name=\"twitter:data1\" content=\"6 minuts\" \/>\n<script type=\"application\/ld+json\" class=\"yoast-schema-graph\">{\"@context\":\"https:\/\/schema.org\",\"@graph\":[{\"@type\":\"WebPage\",\"@id\":\"https:\/\/www.candini.com\/politica-privacidad\/\",\"url\":\"https:\/\/www.candini.com\/politica-privacidad\/\",\"name\":\"Pol\u00edtica de privacitat - Candini\",\"isPartOf\":{\"@id\":\"https:\/\/www.candini.com\/#website\"},\"primaryImageOfPage\":{\"@id\":\"https:\/\/www.candini.com\/politica-privacidad\/#primaryimage\"},\"image\":{\"@id\":\"https:\/\/www.candini.com\/politica-privacidad\/#primaryimage\"},\"thumbnailUrl\":\"https:\/\/candini.com\/wp-content\/uploads\/2022\/02\/023-Fusion_Milk_Paint_Powder_Blue_Pine_Privacy_Screen__WR_210413_8370-Edit-960x641-1.jpeg\",\"datePublished\":\"2022-02-09T15:14:38+00:00\",\"dateModified\":\"2022-02-09T15:26:37+00:00\",\"breadcrumb\":{\"@id\":\"https:\/\/www.candini.com\/politica-privacidad\/#breadcrumb\"},\"inLanguage\":\"ca\",\"potentialAction\":[{\"@type\":\"ReadAction\",\"target\":[\"https:\/\/www.candini.com\/politica-privacidad\/\"]}]},{\"@type\":\"ImageObject\",\"inLanguage\":\"ca\",\"@id\":\"https:\/\/www.candini.com\/politica-privacidad\/#primaryimage\",\"url\":\"https:\/\/candini.com\/wp-content\/uploads\/2022\/02\/023-Fusion_Milk_Paint_Powder_Blue_Pine_Privacy_Screen__WR_210413_8370-Edit-960x641-1.jpeg\",\"contentUrl\":\"https:\/\/candini.com\/wp-content\/uploads\/2022\/02\/023-Fusion_Milk_Paint_Powder_Blue_Pine_Privacy_Screen__WR_210413_8370-Edit-960x641-1.jpeg\"},{\"@type\":\"BreadcrumbList\",\"@id\":\"https:\/\/www.candini.com\/politica-privacidad\/#breadcrumb\",\"itemListElement\":[{\"@type\":\"ListItem\",\"position\":1,\"name\":\"Portada\",\"item\":\"https:\/\/www.candini.com\/ca\/\"},{\"@type\":\"ListItem\",\"position\":2,\"name\":\"Pol\u00edtica de privacitat\"}]},{\"@type\":\"WebSite\",\"@id\":\"https:\/\/www.candini.com\/#website\",\"url\":\"https:\/\/www.candini.com\/\",\"name\":\"Candini\",\"description\":\"Mobles i Restauraci\u00f3\",\"publisher\":{\"@id\":\"https:\/\/www.candini.com\/#organization\"},\"potentialAction\":[{\"@type\":\"SearchAction\",\"target\":{\"@type\":\"EntryPoint\",\"urlTemplate\":\"https:\/\/www.candini.com\/?s={search_term_string}\"},\"query-input\":{\"@type\":\"PropertyValueSpecification\",\"valueRequired\":true,\"valueName\":\"search_term_string\"}}],\"inLanguage\":\"ca\"},{\"@type\":\"Organization\",\"@id\":\"https:\/\/www.candini.com\/#organization\",\"name\":\"Candini\",\"url\":\"https:\/\/www.candini.com\/\",\"logo\":{\"@type\":\"ImageObject\",\"inLanguage\":\"ca\",\"@id\":\"https:\/\/www.candini.com\/#\/schema\/logo\/image\/\",\"url\":\"https:\/\/www.candini.com\/wp-content\/uploads\/2021\/12\/cropped-cropped-Logo_nou.png\",\"contentUrl\":\"https:\/\/www.candini.com\/wp-content\/uploads\/2021\/12\/cropped-cropped-Logo_nou.png\",\"width\":498,\"height\":194,\"caption\":\"Candini\"},\"image\":{\"@id\":\"https:\/\/www.candini.com\/#\/schema\/logo\/image\/\"}}]}<\/script>\n<!-- \/ Yoast SEO plugin. -->","yoast_head_json":{"title":"Pol\u00edtica de privacitat - Candini","robots":{"index":"index","follow":"follow","max-snippet":"max-snippet:-1","max-image-preview":"max-image-preview:large","max-video-preview":"max-video-preview:-1"},"canonical":"https:\/\/www.candini.com\/politica-privacidad\/","og_locale":"ca_ES","og_type":"article","og_title":"Pol\u00edtica de privacitat - Candini","og_description":"Informaci\u00f3 general La present Pol\u00edtica de Privacitat t\u00e9 com a finalitat donar a con\u00e8ixer les condicions que regeixen la recollida i tractament de les seves dades personals per part de la nostra entitat per a vetllar pels drets fonamentals, el seu honor i llibertats, tot aix\u00f2 en compliment de les normatives vigents que regulen la [&hellip;]","og_url":"https:\/\/www.candini.com\/politica-privacidad\/","og_site_name":"Candini","article_modified_time":"2022-02-09T15:26:37+00:00","og_image":[{"url":"https:\/\/candini.com\/wp-content\/uploads\/2022\/02\/023-Fusion_Milk_Paint_Powder_Blue_Pine_Privacy_Screen__WR_210413_8370-Edit-960x641-1.jpeg","type":"","width":"","height":""}],"twitter_card":"summary_large_image","twitter_misc":{"Temps estimat de lectura":"6 minuts"},"schema":{"@context":"https:\/\/schema.org","@graph":[{"@type":"WebPage","@id":"https:\/\/www.candini.com\/politica-privacidad\/","url":"https:\/\/www.candini.com\/politica-privacidad\/","name":"Pol\u00edtica de privacitat - Candini","isPartOf":{"@id":"https:\/\/www.candini.com\/#website"},"primaryImageOfPage":{"@id":"https:\/\/www.candini.com\/politica-privacidad\/#primaryimage"},"image":{"@id":"https:\/\/www.candini.com\/politica-privacidad\/#primaryimage"},"thumbnailUrl":"https:\/\/candini.com\/wp-content\/uploads\/2022\/02\/023-Fusion_Milk_Paint_Powder_Blue_Pine_Privacy_Screen__WR_210413_8370-Edit-960x641-1.jpeg","datePublished":"2022-02-09T15:14:38+00:00","dateModified":"2022-02-09T15:26:37+00:00","breadcrumb":{"@id":"https:\/\/www.candini.com\/politica-privacidad\/#breadcrumb"},"inLanguage":"ca","potentialAction":[{"@type":"ReadAction","target":["https:\/\/www.candini.com\/politica-privacidad\/"]}]},{"@type":"ImageObject","inLanguage":"ca","@id":"https:\/\/www.candini.com\/politica-privacidad\/#primaryimage","url":"https:\/\/candini.com\/wp-content\/uploads\/2022\/02\/023-Fusion_Milk_Paint_Powder_Blue_Pine_Privacy_Screen__WR_210413_8370-Edit-960x641-1.jpeg","contentUrl":"https:\/\/candini.com\/wp-content\/uploads\/2022\/02\/023-Fusion_Milk_Paint_Powder_Blue_Pine_Privacy_Screen__WR_210413_8370-Edit-960x641-1.jpeg"},{"@type":"BreadcrumbList","@id":"https:\/\/www.candini.com\/politica-privacidad\/#breadcrumb","itemListElement":[{"@type":"ListItem","position":1,"name":"Portada","item":"https:\/\/www.candini.com\/ca\/"},{"@type":"ListItem","position":2,"name":"Pol\u00edtica de privacitat"}]},{"@type":"WebSite","@id":"https:\/\/www.candini.com\/#website","url":"https:\/\/www.candini.com\/","name":"Candini","description":"Mobles i Restauraci\u00f3","publisher":{"@id":"https:\/\/www.candini.com\/#organization"},"potentialAction":[{"@type":"SearchAction","target":{"@type":"EntryPoint","urlTemplate":"https:\/\/www.candini.com\/?s={search_term_string}"},"query-input":{"@type":"PropertyValueSpecification","valueRequired":true,"valueName":"search_term_string"}}],"inLanguage":"ca"},{"@type":"Organization","@id":"https:\/\/www.candini.com\/#organization","name":"Candini","url":"https:\/\/www.candini.com\/","logo":{"@type":"ImageObject","inLanguage":"ca","@id":"https:\/\/www.candini.com\/#\/schema\/logo\/image\/","url":"https:\/\/www.candini.com\/wp-content\/uploads\/2021\/12\/cropped-cropped-Logo_nou.png","contentUrl":"https:\/\/www.candini.com\/wp-content\/uploads\/2021\/12\/cropped-cropped-Logo_nou.png","width":498,"height":194,"caption":"Candini"},"image":{"@id":"https:\/\/www.candini.com\/#\/schema\/logo\/image\/"}}]}},"_links":{"self":[{"href":"https:\/\/www.candini.com\/ca\/wp-json\/wp\/v2\/pages\/33944","targetHints":{"allow":["GET"]}}],"collection":[{"href":"https:\/\/www.candini.com\/ca\/wp-json\/wp\/v2\/pages"}],"about":[{"href":"https:\/\/www.candini.com\/ca\/wp-json\/wp\/v2\/types\/page"}],"author":[{"embeddable":true,"href":"https:\/\/www.candini.com\/ca\/wp-json\/wp\/v2\/users\/1"}],"replies":[{"embeddable":true,"href":"https:\/\/www.candini.com\/ca\/wp-json\/wp\/v2\/comments?post=33944"}],"version-history":[{"count":2,"href":"https:\/\/www.candini.com\/ca\/wp-json\/wp\/v2\/pages\/33944\/revisions"}],"predecessor-version":[{"id":33951,"href":"https:\/\/www.candini.com\/ca\/wp-json\/wp\/v2\/pages\/33944\/revisions\/33951"}],"wp:attachment":[{"href":"https:\/\/www.candini.com\/ca\/wp-json\/wp\/v2\/media?parent=33944"}],"curies":[{"name":"wp","href":"https:\/\/api.w.org\/{rel}","templated":true}]}}